{"id":15682,"date":"2026-02-25T15:22:01","date_gmt":"2026-02-25T14:22:01","guid":{"rendered":"https:\/\/penzionkamzik.sk\/?page_id=15682"},"modified":"2026-03-25T08:36:33","modified_gmt":"2026-03-25T07:36:33","slug":"velkonocny-wellness-pobyt-s-ranajkami","status":"publish","type":"page","link":"https:\/\/penzionkamzik.sk\/pl\/velkonocny-wellness-pobyt-s-ranajkami\/","title":{"rendered":"Ve\u013ekono\u010dn\u00fd Wellness pobyt s ra\u0148ajkami"},"content":{"rendered":"[spb_row element_name=&#8221;Row&#8221; wrap_type=&#8221;content-width&#8221; parallax_image_height=&#8221;content-height&#8221; parallax_image_movement=&#8221;fixed&#8221; parallax_image_speed=&#8221;0.5&#8243; bg_video_loop=&#8221;yes&#8221; parallax_video_height=&#8221;window-height&#8221; parallax_video_overlay=&#8221;none&#8221; row_overlay_opacity=&#8221;0&#8243; row_col_pos=&#8221;default&#8221; width=&#8221;1\/1&#8243; el_position=&#8221;first last&#8221;] [spb_image image=&#8221;15684&#8243; image_size=&#8221;full&#8221; frame=&#8221;noframe&#8221; caption_pos=&#8221;hover&#8221; remove_rounded=&#8221;yes&#8221; fullwidth=&#8221;no&#8221; overflow_mode=&#8221;none&#8221; link_target=&#8221;_self&#8221; lightbox=&#8221;no&#8221; intro_animation=&#8221;none&#8221; animation_delay=&#8221;200&#8243; width=&#8221;1\/1&#8243; el_position=&#8221;first last&#8221;][\/spb_image] [spb_text_block animation=&#8221;none&#8221; animation_delay=&#8221;0&#8243; simplified_controls=&#8221;yes&#8221; custom_css_percentage=&#8221;no&#8221; padding_vertical=&#8221;0&#8243; padding_horizontal=&#8221;0&#8243; margin_vertical=&#8221;0&#8243; custom_css=&#8221;margin-top: 0px;margin-bottom: 0px;&#8221; border_size=&#8221;0&#8243; border_styling_global=&#8221;default&#8221; width=&#8221;1\/1&#8243; el_position=&#8221;first last&#8221;]\n<h3>Ve\u013ekono\u010dn\u00fd Wellness Pobyt<\/h3>\n<h4><strong>Pre\u017eite \u010darovn\u00fa Ve\u013ek\u00fa noc v Tatr\u00e1ch pln\u00fa oddychu, trad\u00edci\u00ed a jarnej pohody.<\/strong><\/h4>\n<p>Osl\u00e1vte sviatky jari v n\u00e1dhernom prostred\u00ed Belianskych Tatier a doprajte si ve\u013ekono\u010dn\u00fd pobyt pln\u00fd relaxu a pr\u00edjemnej atmosf\u00e9ry. Wellness Resort Kamz\u00edk *** v \u017ddiari pon\u00faka komfortn\u00e9 a \u00fatuln\u00e9 ubytovanie ide\u00e1lne pre romantick\u00e9 dvojice aj rodiny s de\u0165mi.<\/p>\n<p><strong>S\u00fa\u010das\u0165ou pobytov\u00e9ho bal\u00edka s\u00fa bohat\u00e9 ra\u0148ajky formou bufetu a \u0161peci\u00e1lne ve\u013ekono\u010dn\u00e9 menu s tradi\u010dn\u00fdmi sviato\u010dn\u00fdmi \u0161pecialitami, ktor\u00e9 umocnia prav\u00fa atmosf\u00e9ru Ve\u013ekej noci.<\/strong><\/p>\n<p>Po dni str\u00e1venom na \u010derstvom horskom vzduchu si m\u00f4\u017eete odd\u00fdchnu\u0165 v na\u0161ej wellness z\u00f3ne s v\u00edriv\u00fdm baz\u00e9nom a saunami, kde na\u010derp\u00e1te nov\u00fa energiu a doprajete si dokonal\u00e9 uvo\u013enenie.<\/p>\n<p>Vychutnajte si sviato\u010dn\u00e9 chv\u00edle s rodinou \u010di partnerom, objavujte kr\u00e1sy tatranskej pr\u00edrody a nechajte sa unies\u0165 pokojnou atmosf\u00e9rou \u017ddiaru. Ve\u013ekono\u010dn\u00fd pobyt u n\u00e1s je ide\u00e1lnou pr\u00edle\u017eitos\u0165ou spoji\u0165 trad\u00edcie, oddych a spolo\u010dn\u00e9 z\u00e1\u017eitky.<\/p>\n<p>&nbsp;<\/p>\n<h4>Pobytov\u00fd bal\u00edk na 3 noci:<\/h4>\n<table class=\"sf-table standard_minimal\"><tbody><tr>\n<td>\n<p><i class=\"fas fa-bed sf-icon sf-icon-float-left sf-icon-small\" style=\"\"><\/i>3 noci<\/p>\n<\/td>\n<td>\n<p><i class=\"fas fa-concierge-bell sf-icon sf-icon-float-left sf-icon-small\" style=\"\"><\/i>ra\u0148ajky<\/p>\n<\/td>\n<td>\n<p><i class=\"fas fa-bath sf-icon sf-icon-float-left sf-icon-small\" style=\"\"><\/i>wellness<\/p>\n<\/td>\n<td>\n<p><i class=\"fas fa-cocktail sf-icon sf-icon-float-left sf-icon-small\" style=\"\"><\/i>drink<\/p>\n<\/td>\n<\/tr>\n<\/tbody><\/table>\n<table class=\"sf-table standard_minimal\"><tbody><tr>\n<th>\n<p><strong>Po\u010det os\u00f4b<\/strong><\/p>\n<\/th>\n<th>\n<p><strong>D\u013a\u017eka pobytu<\/strong><\/p>\n<\/th>\n<th>\n<p><strong>Cena bal\u00edka<\/strong><\/p>\n<\/th>\n<th>\n<p><strong>Cena osoba<\/strong><\/p>\n<\/th>\n<th>\n<p><strong>Cena die\u0165a<\/strong><\/p>\n<\/th>\n<\/tr>\n<tr>\n<td>\n<p>2 osoby<\/p>\n<\/td>\n<td>\n<p>3 noci<\/p>\n<\/td>\n<p><strong><\/p>\n<td>\n<p>354 \u20ac<\/p>\n<\/td>\n<p><\/strong><\/p>\n<td>\n<p>59 \u20ac<\/p>\n<\/td>\n<\/tr>\n<tr>\n<td>\n<p>2 osoby + 1 die\u0165a (od 3 do 11 rokov)<\/p>\n<\/td>\n<td>\n<p>3 noci<\/p>\n<\/td>\n<p><strong><\/p>\n<td>\n<p>501 \u20ac<\/p>\n<\/td>\n<p><\/strong><\/p>\n<td>\n<p>59 \u20ac<\/p>\n<\/td>\n<td>\n<p>49 \u20ac<\/p>\n<\/td>\n<\/tr>\n<tr>\n<td>\n<p>2 osoby + 2 deti (od 3 do 11 rokov)<\/p>\n<\/td>\n<td>\n<p>3 noci<\/p>\n<\/td>\n<p><strong><\/p>\n<td>\n<p>648 \u20ac<\/p>\n<\/td>\n<p><\/strong><\/p>\n<td>\n<p>59 \u20ac<\/p>\n<\/td>\n<td>\n<p>49 \u20ac<\/p>\n<\/td>\n<\/tr>\n<\/tbody><\/table>\n<p><strong>S\u00fa\u010das\u0165ou pobytov\u00e9ho bal\u00edka je NEOBMEDZEN\u00dd VSTUP DO WELLNESS!\u00a0<\/strong><\/p>\n<p>&nbsp;<\/p>\n<a class=\"sf-button standard accent default  sf-button-rounded sf-button-has-icon\" href=\"https:\/\/penzionkamzik.sk\/velkonocny-wellness-pobyt-s-ranajkami\/#Form_15690\" target=\"_self\" rel=\"\"><span class=\"text\">Objedna\u0165 pobytov\u00fd bal\u00edk<\/span><i class=\"fas fa-arrow-alt-circle-right\"><\/i><\/a>\n<ul>\n<li><strong>zv\u00fdhodnen\u00e1 cena za ubytovanie: od 47\u20ac\/osoba a ra\u0148ajky 12\u20ac\/osoba plat\u00ed len pri objedn\u00e1vke pobytov\u00e9ho bal\u00edka na 3 noci<\/strong><\/li>\n<li>uplatnenie pobytov\u00e9ho bal\u00edka je mo\u017en\u00e9 po\u010das ve\u013ekono\u010dn\u00fdch sviatkov 2.4.-7.4.2026<\/li>\n<li>3 noci (chceck-in: 14.00- 18.00, chceck-out: do 10.00)<\/li>\n<li>1 die\u0165a do 2,99 rokov zdarma (bez n\u00e1roku na l\u00f4\u017eko)<\/li>\n<li>pobytov\u00fd bal\u00edk obsahuje ra\u0148ajky formou bohat\u00fdch bufetov\u00fdch stolov<\/li>\n<li>neobmedzen\u00fd vstup do wellness<\/li>\n<li>welcome drink<\/li>\n<\/ul>\n<p>&nbsp;<\/p>\n<h4>Pobytov\u00fd bal\u00edk na 4 noci:<\/h4>\n<table class=\"sf-table standard_minimal\"><tbody><tr>\n<td>\n<p><i class=\"fas fa-bed sf-icon sf-icon-float-left sf-icon-small\" style=\"\"><\/i>4 noci<\/p>\n<\/td>\n<td>\n<p><i class=\"fas fa-concierge-bell sf-icon sf-icon-float-left sf-icon-small\" style=\"\"><\/i>ra\u0148ajky<\/p>\n<\/td>\n<td>\n<p><i class=\"fas fa-bath sf-icon sf-icon-float-left sf-icon-small\" style=\"\"><\/i>wellness<\/p>\n<\/td>\n<td>\n<p><i class=\"fas fa-cocktail sf-icon sf-icon-float-left sf-icon-small\" style=\"\"><\/i>drink<\/p>\n<\/td>\n<\/tr>\n<\/tbody><\/table>\n<table class=\"sf-table standard_minimal\"><tbody><tr>\n<th>\n<p><strong>Po\u010det os\u00f4b<\/strong><\/p>\n<\/th>\n<th>\n<p><strong>D\u013a\u017eka pobytu<\/strong><\/p>\n<\/th>\n<th>\n<p><strong>Cena bal\u00edka<\/strong><\/p>\n<\/th>\n<th>\n<p><strong>Cena osoba<\/strong><\/p>\n<\/th>\n<th>\n<p><strong>Cena die\u0165a<\/strong><\/p>\n<\/th>\n<\/tr>\n<tr>\n<td>\n<p>2 osoby<\/p>\n<\/td>\n<td>\n<p>4 noci<\/p>\n<\/td>\n<p><strong><\/p>\n<td>\n<p>448 \u20ac<\/p>\n<\/td>\n<p><\/strong><\/p>\n<td>\n<p>56 \u20ac<\/p>\n<\/td>\n<\/tr>\n<tr>\n<td>\n<p>2 osoby + 1 die\u0165a (od 3 do 11 rokov)<\/p>\n<\/td>\n<td>\n<p>4 noci<\/p>\n<\/td>\n<p><strong><\/p>\n<td>\n<p>632 \u20ac<\/p>\n<\/td>\n<p><\/strong><\/p>\n<td>\n<p>56 \u20ac<\/p>\n<\/td>\n<td>\n<p>46 \u20ac<\/p>\n<\/td>\n<\/tr>\n<tr>\n<td>\n<p>2 osoby + 2 deti (od 3 do 11 rokov)<\/p>\n<\/td>\n<td>\n<p>4 noci<\/p>\n<\/td>\n<p><strong><\/p>\n<td>\n<p>816 \u20ac<\/p>\n<\/td>\n<p><\/strong><\/p>\n<td>\n<p>56 \u20ac<\/p>\n<\/td>\n<td>\n<p>46 \u20ac<\/p>\n<\/td>\n<\/tr>\n<\/tbody><\/table>\n<p><strong>S\u00fa\u010das\u0165ou pobytov\u00e9ho bal\u00edka je NEOBMEDZEN\u00dd VSTUP DO WELLNESS!\u00a0<\/strong><\/p>\n<p>&nbsp;<\/p>\n<a class=\"sf-button standard accent default  sf-button-rounded sf-button-has-icon\" href=\"https:\/\/penzionkamzik.sk\/velkonocny-wellness-pobyt-s-ranajkami\/#Form_15690\" target=\"_self\" rel=\"\"><span class=\"text\">Objedna\u0165 pobytov\u00fd bal\u00edk<\/span><i class=\"fas fa-arrow-alt-circle-right\"><\/i><\/a>\n<ul>\n<li><strong>zv\u00fdhodnen\u00e1 cena za ubytovanie: od 44\u20ac\/osoba a ra\u0148ajky 12\u20ac\/osoba plat\u00ed len pri objedn\u00e1vke pobytov\u00e9ho bal\u00edka na 4 noci<\/strong><\/li>\n<li>uplatnenie pobytov\u00e9ho bal\u00edka je mo\u017en\u00e9 po\u010das ve\u013ekono\u010dn\u00fdch sviatkov 2.4.-7.4.2026<\/li>\n<li>4 noci (chceck-in: 14.00- 18.00, chceck-out: do 10.00)<\/li>\n<li>1 die\u0165a do 2,99 rokov zdarma (bez n\u00e1roku na l\u00f4\u017eko)<\/li>\n<li>pobytov\u00fd bal\u00edk obsahuje ra\u0148ajky formou bohat\u00fdch bufetov\u00fdch stolov<\/li>\n<li>neobmedzen\u00fd vstup do wellness<\/li>\n<li>welcome drink<\/li>\n<\/ul>\n<h4><\/h4>\n<p>&nbsp;<\/p>\n<h4>Pobytov\u00fd bal\u00edk na 5 noci:<\/h4>\n<table class=\"sf-table standard_minimal\"><tbody><tr>\n<td>\n<p><i class=\"fas fa-bed sf-icon sf-icon-float-left sf-icon-small\" style=\"\"><\/i>5 noci<\/p>\n<\/td>\n<td>\n<p><i class=\"fas fa-concierge-bell sf-icon sf-icon-float-left sf-icon-small\" style=\"\"><\/i>ra\u0148ajky<\/p>\n<\/td>\n<td>\n<p><i class=\"fas fa-bath sf-icon sf-icon-float-left sf-icon-small\" style=\"\"><\/i>wellness<\/p>\n<\/td>\n<td>\n<p><i class=\"fas fa-cocktail sf-icon sf-icon-float-left sf-icon-small\" style=\"\"><\/i>drink<\/p>\n<\/td>\n<\/tr>\n<\/tbody><\/table>\n<table class=\"sf-table standard_minimal\"><tbody><tr>\n<th>\n<p><strong>Po\u010det os\u00f4b<\/strong><\/p>\n<\/th>\n<th>\n<p><strong>D\u013a\u017eka pobytu<\/strong><\/p>\n<\/th>\n<th>\n<p><strong>Cena bal\u00edka<\/strong><\/p>\n<\/th>\n<th>\n<p><strong>Cena osoba<\/strong><\/p>\n<\/th>\n<th>\n<p><strong>Cena die\u0165a<\/strong><\/p>\n<\/th>\n<\/tr>\n<tr>\n<td>\n<p>2 osoby<\/p>\n<\/td>\n<td>\n<p>5 noci<\/p>\n<\/td>\n<td>\n<p>530 \u20ac<\/p>\n<\/td>\n<td>\n<p>53 \u20ac<\/p>\n<\/td>\n<\/tr>\n<tr>\n<td>\n<p>2 osoby + 1 die\u0165a (od 3 do 11 rokov)<\/p>\n<\/td>\n<td>\n<p>5 noci<\/p>\n<\/td>\n<td>\n<p>745 \u20ac<\/p>\n<\/td>\n<td>\n<p>53 \u20ac<\/p>\n<\/td>\n<td>\n<p>43 \u20ac<\/p>\n<\/td>\n<\/tr>\n<tr>\n<td>\n<p>2 osoby + 2 deti (od 3 do 11 rokov)<\/p>\n<\/td>\n<td>\n<p>5 noci<\/p>\n<\/td>\n<td>\n<p>960 \u20ac<\/p>\n<\/td>\n<td>\n<p>53 \u20ac<\/p>\n<\/td>\n<td>\n<p>43 \u20ac<\/p>\n<\/td>\n<\/tr>\n<\/tbody><\/table>\n<p><strong>S\u00fa\u010das\u0165ou pobytov\u00e9ho bal\u00edka je NEOBMEDZEN\u00dd VSTUP DO WELLNESS!\u00a0<\/strong><\/p>\n<p>&nbsp;<\/p>\n<a class=\"sf-button standard accent default  sf-button-rounded sf-button-has-icon\" href=\"https:\/\/penzionkamzik.sk\/velkonocny-wellness-pobyt-s-ranajkami\/#Form_15690\" target=\"_self\" rel=\"\"><span class=\"text\">Objedna\u0165 pobytov\u00fd bal\u00edk<\/span><i class=\"fas fa-arrow-alt-circle-right\"><\/i><\/a>\n<ul>\n<li><strong>zv\u00fdhodnen\u00e1 cena za ubytovanie od 41\u20ac\/osoba a ra\u0148ajky 12\u20ac\/osoba plat\u00ed len pri objedn\u00e1vke pobytov\u00e9ho bal\u00edka na 5 noci<\/strong><\/li>\n<li>uplatnenie pobytov\u00e9ho bal\u00edka je mo\u017en\u00e9 po\u010das ve\u013ekono\u010dn\u00fdch sviatkov 2.4.-7.4.2026<\/li>\n<li>5 noci (chceck-in: 14.00- 18.00, chceck-out: do 10.00)<\/li>\n<li>1 die\u0165a do 2,99 rokov zdarma (bez n\u00e1roku na l\u00f4\u017eko)<\/li>\n<li>pobytov\u00fd bal\u00edk obsahuje ra\u0148ajky formou bohat\u00fdch bufetov\u00fdch stolov<\/li>\n<li>neobmedzen\u00fd vstup do wellness<\/li>\n<li>welcome drink<\/li>\n<\/ul>\n[\/spb_text_block] [\/spb_row] [spb_row element_name=&#8221;Row&#8221; wrap_type=&#8221;standard-width&#8221; row_bg_type=&#8221;color&#8221; color_row_height=&#8221;content-height&#8221; bg_type=&#8221;cover&#8221; parallax_image_height=&#8221;content-height&#8221; parallax_image_movement=&#8221;fixed&#8221; parallax_image_speed=&#8221;standard&#8221; bg_video_loop=&#8221;yes&#8221; parallax_video_height=&#8221;window-height&#8221; row_id=&#8221;Form_15690&#8243; row_top_style=&#8221;none&#8221; row_bottom_style=&#8221;none&#8221; parallax_video_overlay=&#8221;none&#8221; row_overlay_opacity=&#8221;0&#8243; remove_element_spacing=&#8221;no&#8221; row_col_spacing=&#8221;0&#8243; row_col_pos=&#8221;default&#8221; row_col_equal_heights=&#8221;no&#8221; row_expanding=&#8221;no&#8221; row_animation=&#8221;none&#8221; row_animation_delay=&#8221;0&#8243; minimize_row=&#8221;no&#8221; simplified_controls=&#8221;yes&#8221; custom_css_percentage=&#8221;no&#8221; custom_css=&#8221;margin-top: 0px;margin-bottom: 0px;&#8221; border_styling_global=&#8221;default&#8221; width=&#8221;1\/1&#8243; el_position=&#8221;first last&#8221;] [spb_boxed_content element_name=&#8221;Rezerv\u00e1cia:&#8221; title=&#8221;Rezerv\u00e1cia&#8221; type=&#8221;coloured&#8221; box_link_target=&#8221;_self&#8221; padding_vertical=&#8221;0&#8243; padding_horizontal=&#8221;0&#8243; el_class=&#8221;rezervacia&#8221; width=&#8221;1\/1&#8243; el_position=&#8221;first last&#8221;]\n\n<div class=\"wpcf7 no-js\" id=\"wpcf7-f15690-o1\" lang=\"sk-SK\" dir=\"ltr\">\n<div class=\"screen-reader-response\"><p role=\"status\" aria-live=\"polite\" aria-atomic=\"true\"><\/p> <ul><\/ul><\/div>\n<form action=\"\/pl\/wp-json\/wp\/v2\/pages\/15682#wpcf7-f15690-o1\" method=\"post\" class=\"wpcf7-form init\" aria-label=\"Contact form\" novalidate=\"novalidate\" data-status=\"init\">\n<div style=\"display: none;\">\n<input type=\"hidden\" name=\"_wpcf7\" value=\"15690\" \/>\n<input type=\"hidden\" name=\"_wpcf7_version\" value=\"5.7.7\" \/>\n<input type=\"hidden\" name=\"_wpcf7_locale\" value=\"sk_SK\" \/>\n<input type=\"hidden\" name=\"_wpcf7_unit_tag\" value=\"wpcf7-f15690-o1\" \/>\n<input type=\"hidden\" name=\"_wpcf7_container_post\" value=\"0\" \/>\n<input type=\"hidden\" name=\"_wpcf7_posted_data_hash\" value=\"\" \/>\n<input type=\"hidden\" name=\"_wpcf7_recaptcha_response\" value=\"\" \/>\n<\/div>\n<p><span class=\"wpcf7-form-control-wrap\" data-name=\"meno-priezvisko\"><input size=\"40\" class=\"wpcf7-form-control wpcf7-text wpcf7-validates-as-required\" aria-required=\"true\" aria-invalid=\"false\" placeholder=\"Meno a priezvisko\" value=\"\" type=\"text\" name=\"meno-priezvisko\" \/><\/span><br \/>\n<span class=\"wpcf7-form-control-wrap\" data-name=\"email\"><input size=\"40\" class=\"wpcf7-form-control wpcf7-text wpcf7-email wpcf7-validates-as-required wpcf7-validates-as-email\" aria-required=\"true\" aria-invalid=\"false\" placeholder=\"Emailov\u00e1 adresa\" value=\"\" type=\"email\" name=\"email\" \/><\/span><br \/>\n<span class=\"wpcf7-form-control-wrap\" data-name=\"telefonne-cislo\"><input size=\"40\" class=\"wpcf7-form-control wpcf7-text wpcf7-validates-as-required\" aria-required=\"true\" aria-invalid=\"false\" placeholder=\"Telef\u00f3nne \u010d\u00edslo\" value=\"\" type=\"text\" name=\"telefonne-cislo\" \/><\/span>\n<\/p>\n<p>Term\u00edn pr\u00edchodu<br \/>\n<span class=\"wpcf7-form-control-wrap\" data-name=\"arrival-date\"><input class=\"wpcf7-form-control wpcf7-date wpcf7-validates-as-date\" id=\"arrival-date\" aria-invalid=\"false\" value=\"\" type=\"date\" name=\"arrival-date\" \/><\/span><br \/>\nTerm\u00edn odchodu<br \/>\n<span class=\"wpcf7-form-control-wrap\" data-name=\"departure-date\"><input class=\"wpcf7-form-control wpcf7-date wpcf7-validates-as-date\" id=\"departure-date\" min=\"2026-04-30\" aria-invalid=\"false\" value=\"\" type=\"date\" name=\"departure-date\" \/><\/span>\n<\/p>\n<p>Po\u010det dospel\u00fdch os\u00f4b<br \/>\n<span class=\"wpcf7-form-control-wrap\" data-name=\"menu-874\"><select class=\"wpcf7-form-control wpcf7-select\" aria-invalid=\"false\" name=\"menu-874\"><option value=\"2\">2<\/option><option value=\"3\">3<\/option><option value=\"4\">4<\/option><option value=\"5\">5<\/option><option value=\"6\">6<\/option><option value=\"7\">7<\/option><option value=\"8\">8<\/option><option value=\"9\">9<\/option><option value=\"10\">10<\/option><option value=\"11\">11<\/option><option value=\"15\">15<\/option><option value=\"13\">13<\/option><option value=\"14\">14<\/option><option value=\"15\">15<\/option><option value=\"16\">16<\/option><\/select><\/span><br \/>\nPo\u010det det\u00ed<br \/>\n<span class=\"wpcf7-form-control-wrap\" data-name=\"menu-875\"><select class=\"wpcf7-form-control wpcf7-select\" aria-invalid=\"false\" name=\"menu-875\"><option value=\"0\">0<\/option><option value=\"1\">1<\/option><option value=\"2\">2<\/option><option value=\"3\">3<\/option><option value=\"4\">4<\/option><option value=\"5\">5<\/option><option value=\"6\">6<\/option><option value=\"7\">7<\/option><option value=\"8\">8<\/option><option value=\"9\">9<\/option><option value=\"10\">10<\/option><option value=\"11\">11<\/option><option value=\"15\">15<\/option><option value=\"13\">13<\/option><option value=\"14\">14<\/option><option value=\"15\">15<\/option><\/select><\/span><br \/>\nZadajte vek det\u00ed oddelen\u00fd \u010diarkou<br \/>\n<span class=\"wpcf7-form-control-wrap\" data-name=\"vek-deti\"><input size=\"40\" class=\"wpcf7-form-control wpcf7-text wpcf7-validates-as-required\" aria-required=\"true\" aria-invalid=\"false\" placeholder=\"Od 0 do 11 rokov\" value=\"\" type=\"text\" name=\"vek-deti\" \/><\/span>\n<\/p>\n<p><span class=\"wpcf7-form-control-wrap\" data-name=\"text-spravy\"><textarea cols=\"40\" rows=\"4\" class=\"wpcf7-form-control wpcf7-textarea\" aria-invalid=\"false\" placeholder=\"Text spr\u00e1vy\" name=\"text-spravy\"><\/textarea><\/span><br \/>\n<label><span class=\"wpcf7-form-control-wrap\" data-name=\"checkbox-374\"><span class=\"wpcf7-form-control wpcf7-checkbox\"><span class=\"wpcf7-list-item first last\"><input type=\"checkbox\" name=\"checkbox-374[]\" value=\"S\u00fahlas\u00edm so sprac\u00favan\u00edm osobn\u00fdch \u00fadajov\" \/><span class=\"wpcf7-list-item-label\">S\u00fahlas\u00edm so sprac\u00favan\u00edm osobn\u00fdch \u00fadajov<\/span><\/span><\/span><\/span><br \/>\nZaslan\u00edm kontaktn\u00e9ho formul\u00e1ra vyjadrujete s\u00fahlas so spracovan\u00edm osobn\u00fdch \u00fadajov. Potvrdzujem, \u017ee som sa obozn\u00e1mil (a) som sa s inform\u00e1ciami v sekcii<a href=\"https:\/\/penzionkamzik.sk\/informacie-pre-klientov-o-spracovani-osobnych-udajov\/\"> Z\u00e1sady sprac\u00favania osobn\u00fdch \u00fadajov<\/a> a obchodn\u00fdmi podmienkami v sekci\u00ed <a href=\"https:\/\/penzionkamzik.sk\/obchodne-podmienky\/\">Obchodn\u00e9 podmienky<\/a><br \/>\n<\/label>\n<\/p>\n<p><input class=\"wpcf7-form-control has-spinner wpcf7-submit\" type=\"submit\" value=\"ODOSLA\u0164\" \/>\n<\/p><div class=\"wpcf7-response-output\" aria-hidden=\"true\"><\/div>\n<\/form>\n<\/div>\n\n[\/spb_boxed_content] [\/spb_row]\n","protected":false},"excerpt":{"rendered":"<p>[spb_row element_name=&#8221;Row&#8221; wrap_type=&#8221;content-width&#8221; parallax_image_height=&#8221;content-height&#8221; parallax_image_movement=&#8221;fixed&#8221; parallax_image_speed=&#8221;0.5&#8243; bg_video_loop=&#8221;yes&#8221; parallax_video_height=&#8221;window-height&#8221; parallax_video_overlay=&#8221;none&#8221; row_overlay_opacity=&#8221;0&#8243; row_col_pos=&#8221;default&#8221; width=&#8221;1\/1&#8243; el_position=&#8221;first last&#8221;] [spb_image image=&#8221;15684&#8243; image_size=&#8221;full&#8221; frame=&#8221;noframe&#8221; caption_pos=&#8221;hover&#8221; remove_rounded=&#8221;yes&#8221; fullwidth=&#8221;no&#8221; overflow_mode=&#8221;none&#8221; link_target=&#8221;_self&#8221; lightbox=&#8221;no&#8221; intro_animation=&#8221;none&#8221; animation_delay=&#8221;200&#8243; width=&#8221;1\/1&#8243; el_position=&#8221;first last&#8221;][\/spb_image] [spb_text_block animation=&#8221;none&#8221; animation_delay=&#8221;0&#8243; simplified_controls=&#8221;yes&#8221; custom_css_percentage=&#8221;no&#8221; padding_vertical=&#8221;0&#8243; padding_horizontal=&#8221;0&#8243; margin_vertical=&#8221;0&#8243; custom_css=&#8221;margin-top: 0px;margin-bottom: 0px;&#8221; border_size=&#8221;0&#8243; border_styling_global=&#8221;default&#8221; width=&#8221;1\/1&#8243; el_position=&#8221;first last&#8221;] Ve\u013ekono\u010dn\u00fd Wellness Pobyt Pre\u017eite \u010darovn\u00fa Ve\u013ek\u00fa noc v Tatr\u00e1ch pln\u00fa oddychu, trad\u00edci\u00ed a jarnej pohody. [&hellip;]<\/p>\n","protected":false},"author":11,"featured_media":15684,"parent":0,"menu_order":0,"comment_status":"closed","ping_status":"closed","template":"","meta":[],"yoast_head":"<!-- This site is optimized with the Yoast SEO plugin v20.6 - https:\/\/yoast.com\/wordpress\/plugins\/seo\/ -->\n<title>Wellness Kamzik*** Resort \u017ddiar | Jarn\u00fd wellness pobyt v Tatr\u00e1ch<\/title>\n<meta name=\"description\" content=\"U\u017eite si romantick\u00fd oddych v srdci Tatier s Neobmedzen\u00fdm Wellness v Kamz\u00edk*** Resort \u017ddiar. Komfortn\u00e9 ubytovanie s ra\u0148ajkami. Ceny od 39 \u20ac\/os.\" \/>\n<meta name=\"robots\" content=\"index, follow, max-snippet:-1, max-image-preview:large, max-video-preview:-1\" \/>\n<link rel=\"canonical\" href=\"https:\/\/penzionkamzik.sk\/velkonocny-wellness-pobyt-s-ranajkami\/\" \/>\n<meta property=\"og:locale\" content=\"pl_PL\" \/>\n<meta property=\"og:type\" content=\"article\" \/>\n<meta property=\"og:title\" content=\"Jarn\u00fd Wellness Pobyt s ra\u0148ajkami\" \/>\n<meta property=\"og:description\" content=\"U\u017eite si dokonal\u00fd Jarn\u00fd Wellness Pobyt v malebn\u00fdch Tatr\u00e1ch, priamo v srdci pr\u00edrody za exkluz\u00edvnu cenu od 39\u20ac\/osoba.\" \/>\n<meta property=\"og:url\" content=\"https:\/\/penzionkamzik.sk\/velkonocny-wellness-pobyt-s-ranajkami\/\" \/>\n<meta property=\"og:site_name\" content=\"Penzi\u00f3n Kamz\u00edk\" \/>\n<meta property=\"article:modified_time\" content=\"2026-03-25T07:36:33+00:00\" \/>\n<meta property=\"og:image\" content=\"https:\/\/penzionkamzik.sk\/wp-content\/uploads\/2025\/05\/Jarny-pobyt.jpg\" \/>\n\t<meta property=\"og:image:width\" content=\"1200\" \/>\n\t<meta property=\"og:image:height\" content=\"630\" \/>\n\t<meta property=\"og:image:type\" content=\"image\/jpeg\" \/>\n<meta name=\"twitter:card\" content=\"summary_large_image\" \/>\n<meta name=\"twitter:label1\" content=\"Est. reading time\" \/>\n\t<meta name=\"twitter:data1\" content=\"5 minut\" \/>\n<script type=\"application\/ld+json\" class=\"yoast-schema-graph\">{\"@context\":\"https:\/\/schema.org\",\"@graph\":[{\"@type\":\"WebPage\",\"@id\":\"https:\/\/penzionkamzik.sk\/velkonocny-wellness-pobyt-s-ranajkami\/\",\"url\":\"https:\/\/penzionkamzik.sk\/velkonocny-wellness-pobyt-s-ranajkami\/\",\"name\":\"Wellness Kamzik*** Resort \u017ddiar | Jarn\u00fd wellness pobyt v Tatr\u00e1ch\",\"isPartOf\":{\"@id\":\"https:\/\/penzionkamzik.sk\/#website\"},\"datePublished\":\"2026-02-25T14:22:01+00:00\",\"dateModified\":\"2026-03-25T07:36:33+00:00\",\"description\":\"U\u017eite si romantick\u00fd oddych v srdci Tatier s Neobmedzen\u00fdm Wellness v Kamz\u00edk*** Resort \u017ddiar. Komfortn\u00e9 ubytovanie s ra\u0148ajkami. Ceny od 39 \u20ac\/os.\",\"breadcrumb\":{\"@id\":\"https:\/\/penzionkamzik.sk\/velkonocny-wellness-pobyt-s-ranajkami\/#breadcrumb\"},\"inLanguage\":\"pl-PL\",\"potentialAction\":[{\"@type\":\"ReadAction\",\"target\":[\"https:\/\/penzionkamzik.sk\/velkonocny-wellness-pobyt-s-ranajkami\/\"]}]},{\"@type\":\"BreadcrumbList\",\"@id\":\"https:\/\/penzionkamzik.sk\/velkonocny-wellness-pobyt-s-ranajkami\/#breadcrumb\",\"itemListElement\":[{\"@type\":\"ListItem\",\"position\":1,\"name\":\"Home\",\"item\":\"https:\/\/penzionkamzik.sk\/pl\/\"},{\"@type\":\"ListItem\",\"position\":2,\"name\":\"Ve\u013ekono\u010dn\u00fd Wellness pobyt s ra\u0148ajkami\"}]},{\"@type\":\"WebSite\",\"@id\":\"https:\/\/penzionkamzik.sk\/#website\",\"url\":\"https:\/\/penzionkamzik.sk\/\",\"name\":\"Penzi\u00f3n Kamz\u00edk\",\"description\":\"Beliansk\u00e9 Tatry\",\"publisher\":{\"@id\":\"https:\/\/penzionkamzik.sk\/#organization\"},\"potentialAction\":[{\"@type\":\"SearchAction\",\"target\":{\"@type\":\"EntryPoint\",\"urlTemplate\":\"https:\/\/penzionkamzik.sk\/?s={search_term_string}\"},\"query-input\":\"required name=search_term_string\"}],\"inLanguage\":\"pl-PL\"},{\"@type\":\"Organization\",\"@id\":\"https:\/\/penzionkamzik.sk\/#organization\",\"name\":\"Penzi\u00f3n Kamz\u00edk \u017ddiar\",\"url\":\"https:\/\/penzionkamzik.sk\/\",\"logo\":{\"@type\":\"ImageObject\",\"inLanguage\":\"pl-PL\",\"@id\":\"https:\/\/penzionkamzik.sk\/#\/schema\/logo\/image\/\",\"url\":\"https:\/\/penzionkamzik.sk\/wp-content\/uploads\/2017\/03\/kamzik_logo.png\",\"contentUrl\":\"https:\/\/penzionkamzik.sk\/wp-content\/uploads\/2017\/03\/kamzik_logo.png\",\"width\":200,\"height\":200,\"caption\":\"Penzi\u00f3n Kamz\u00edk \u017ddiar\"},\"image\":{\"@id\":\"https:\/\/penzionkamzik.sk\/#\/schema\/logo\/image\/\"}}]}<\/script>\n<!-- \/ Yoast SEO plugin. -->","yoast_head_json":{"title":"Wellness Kamzik*** Resort \u017ddiar | Jarn\u00fd wellness pobyt v Tatr\u00e1ch","description":"U\u017eite si romantick\u00fd oddych v srdci Tatier s Neobmedzen\u00fdm Wellness v Kamz\u00edk*** Resort \u017ddiar. Komfortn\u00e9 ubytovanie s ra\u0148ajkami. Ceny od 39 \u20ac\/os.","robots":{"index":"index","follow":"follow","max-snippet":"max-snippet:-1","max-image-preview":"max-image-preview:large","max-video-preview":"max-video-preview:-1"},"canonical":"https:\/\/penzionkamzik.sk\/velkonocny-wellness-pobyt-s-ranajkami\/","og_locale":"pl_PL","og_type":"article","og_title":"Jarn\u00fd Wellness Pobyt s ra\u0148ajkami","og_description":"U\u017eite si dokonal\u00fd Jarn\u00fd Wellness Pobyt v malebn\u00fdch Tatr\u00e1ch, priamo v srdci pr\u00edrody za exkluz\u00edvnu cenu od 39\u20ac\/osoba.","og_url":"https:\/\/penzionkamzik.sk\/velkonocny-wellness-pobyt-s-ranajkami\/","og_site_name":"Penzi\u00f3n Kamz\u00edk","article_modified_time":"2026-03-25T07:36:33+00:00","og_image":[{"width":1200,"height":630,"url":"https:\/\/penzionkamzik.sk\/wp-content\/uploads\/2025\/05\/Jarny-pobyt.jpg","type":"image\/jpeg"}],"twitter_card":"summary_large_image","twitter_misc":{"Est. reading time":"5 minut"},"schema":{"@context":"https:\/\/schema.org","@graph":[{"@type":"WebPage","@id":"https:\/\/penzionkamzik.sk\/velkonocny-wellness-pobyt-s-ranajkami\/","url":"https:\/\/penzionkamzik.sk\/velkonocny-wellness-pobyt-s-ranajkami\/","name":"Wellness Kamzik*** Resort \u017ddiar | Jarn\u00fd wellness pobyt v Tatr\u00e1ch","isPartOf":{"@id":"https:\/\/penzionkamzik.sk\/#website"},"datePublished":"2026-02-25T14:22:01+00:00","dateModified":"2026-03-25T07:36:33+00:00","description":"U\u017eite si romantick\u00fd oddych v srdci Tatier s Neobmedzen\u00fdm Wellness v Kamz\u00edk*** Resort \u017ddiar. Komfortn\u00e9 ubytovanie s ra\u0148ajkami. Ceny od 39 \u20ac\/os.","breadcrumb":{"@id":"https:\/\/penzionkamzik.sk\/velkonocny-wellness-pobyt-s-ranajkami\/#breadcrumb"},"inLanguage":"pl-PL","potentialAction":[{"@type":"ReadAction","target":["https:\/\/penzionkamzik.sk\/velkonocny-wellness-pobyt-s-ranajkami\/"]}]},{"@type":"BreadcrumbList","@id":"https:\/\/penzionkamzik.sk\/velkonocny-wellness-pobyt-s-ranajkami\/#breadcrumb","itemListElement":[{"@type":"ListItem","position":1,"name":"Home","item":"https:\/\/penzionkamzik.sk\/pl\/"},{"@type":"ListItem","position":2,"name":"Ve\u013ekono\u010dn\u00fd Wellness pobyt s ra\u0148ajkami"}]},{"@type":"WebSite","@id":"https:\/\/penzionkamzik.sk\/#website","url":"https:\/\/penzionkamzik.sk\/","name":"Penzi\u00f3n Kamz\u00edk","description":"Beliansk\u00e9 Tatry","publisher":{"@id":"https:\/\/penzionkamzik.sk\/#organization"},"potentialAction":[{"@type":"SearchAction","target":{"@type":"EntryPoint","urlTemplate":"https:\/\/penzionkamzik.sk\/?s={search_term_string}"},"query-input":"required name=search_term_string"}],"inLanguage":"pl-PL"},{"@type":"Organization","@id":"https:\/\/penzionkamzik.sk\/#organization","name":"Penzi\u00f3n Kamz\u00edk \u017ddiar","url":"https:\/\/penzionkamzik.sk\/","logo":{"@type":"ImageObject","inLanguage":"pl-PL","@id":"https:\/\/penzionkamzik.sk\/#\/schema\/logo\/image\/","url":"https:\/\/penzionkamzik.sk\/wp-content\/uploads\/2017\/03\/kamzik_logo.png","contentUrl":"https:\/\/penzionkamzik.sk\/wp-content\/uploads\/2017\/03\/kamzik_logo.png","width":200,"height":200,"caption":"Penzi\u00f3n Kamz\u00edk \u017ddiar"},"image":{"@id":"https:\/\/penzionkamzik.sk\/#\/schema\/logo\/image\/"}}]}},"_links":{"self":[{"href":"https:\/\/penzionkamzik.sk\/pl\/wp-json\/wp\/v2\/pages\/15682"}],"collection":[{"href":"https:\/\/penzionkamzik.sk\/pl\/wp-json\/wp\/v2\/pages"}],"about":[{"href":"https:\/\/penzionkamzik.sk\/pl\/wp-json\/wp\/v2\/types\/page"}],"author":[{"embeddable":true,"href":"https:\/\/penzionkamzik.sk\/pl\/wp-json\/wp\/v2\/users\/11"}],"replies":[{"embeddable":true,"href":"https:\/\/penzionkamzik.sk\/pl\/wp-json\/wp\/v2\/comments?post=15682"}],"version-history":[{"count":8,"href":"https:\/\/penzionkamzik.sk\/pl\/wp-json\/wp\/v2\/pages\/15682\/revisions"}],"predecessor-version":[{"id":15752,"href":"https:\/\/penzionkamzik.sk\/pl\/wp-json\/wp\/v2\/pages\/15682\/revisions\/15752"}],"wp:featuredmedia":[{"embeddable":true,"href":"https:\/\/penzionkamzik.sk\/pl\/wp-json\/wp\/v2\/media\/15684"}],"wp:attachment":[{"href":"https:\/\/penzionkamzik.sk\/pl\/wp-json\/wp\/v2\/media?parent=15682"}],"curies":[{"name":"wp","href":"https:\/\/api.w.org\/{rel}","templated":true}]}}